{"id":1950,"date":"2023-05-30T10:32:12","date_gmt":"2023-05-30T08:32:12","guid":{"rendered":"https:\/\/www.btpsavoie.fr\/?page_id=1950"},"modified":"2023-06-06T09:38:14","modified_gmt":"2023-06-06T07:38:14","slug":"videos","status":"publish","type":"page","link":"https:\/\/www.btpsavoie.fr\/index.php\/videos\/","title":{"rendered":"Vid\u00e9os"},"content":{"rendered":"<div class=\"fusion-fullwidth fullwidth-box fusion-builder-row-1 fusion-flex-container nonhundred-percent-fullwidth non-hundred-percent-height-scrolling\" style=\"--awb-border-color:var(--awb-color3);--awb-border-radius-top-left:0px;--awb-border-radius-top-right:0px;--awb-border-radius-bottom-right:0px;--awb-border-radius-bottom-left:0px;--awb-padding-top:60px;--awb-padding-bottom:60px;--awb-flex-wrap:wrap;\" ><div class=\"fusion-builder-row fusion-row fusion-flex-align-items-flex-start fusion-flex-content-wrap\" style=\"max-width:1248px;margin-left: calc(-4% \/ 2 );margin-right: calc(-4% \/ 2 );\"><div class=\"fusion-layout-column fusion_builder_column fusion-builder-column-0 fusion_builder_column_1_2 1_2 fusion-flex-column\" style=\"--awb-bg-size:cover;--awb-width-large:50%;--awb-margin-top-large:0px;--awb-spacing-right-large:3.84%;--awb-margin-bottom-large:20px;--awb-spacing-left-large:3.84%;--awb-width-medium:50%;--awb-order-medium:0;--awb-spacing-right-medium:3.84%;--awb-spacing-left-medium:3.84%;--awb-width-small:100%;--awb-order-small:0;--awb-spacing-right-small:1.92%;--awb-spacing-left-small:1.92%;\"><div class=\"fusion-column-wrapper fusion-column-has-shadow fusion-flex-justify-content-flex-start fusion-content-layout-column\"><div class=\"fusion-video fusion-selfhosted-video\" style=\"max-width:100%;\"><div class=\"video-wrapper\"><video playsinline=\"true\" width=\"100%\" style=\"object-fit: cover;\" preload=\"auto\" controls=\"1\"><source src=\"https:\/\/www.btpsavoie.fr\/wp-content\/uploads\/2023\/05\/Le-syndicat-BTP-Savoie-a-la-rencontre-de-ses-adherents-de-Tarentaise.mp4\" type=\"video\/mp4\">Sorry, your browser doesn&#039;t support embedded videos.<\/video><\/div><\/div><div class=\"fusion-text fusion-text-1\"><h3 class=\"fusion-responsive-typography-calculated\" style=\"--fontsize: 37.9; line-height: 1.2;\" data-fontsize=\"37.9\" data-lineheight=\"45.48px\">Le syndicat BTP Savoie \u00e0 la rencontre de ses adh\u00e9rents de Tarentaise<\/h3>\n<p>Pour \u00eatre au plus proche de ses adh\u00e9rents, le Syndicat BTP Savoie a externalis\u00e9 l&rsquo;un de ses comit\u00e9s directeurs en Tarentaise. Cet \u00e9v\u00e8nement fut l&rsquo;occasion de rassembler adh\u00e9rents, \u00e9lus locaux et diff\u00e9rents acteurs du territoire sur les probl\u00e9matiques du BTP en Montagne sur le secteur de la Tarentaise.<\/p>\n<\/div><\/div><\/div><div class=\"fusion-layout-column fusion_builder_column fusion-builder-column-1 fusion_builder_column_1_2 1_2 fusion-flex-column\" style=\"--awb-bg-size:cover;--awb-width-large:50%;--awb-margin-top-large:0px;--awb-spacing-right-large:3.84%;--awb-margin-bottom-large:20px;--awb-spacing-left-large:3.84%;--awb-width-medium:50%;--awb-order-medium:0;--awb-spacing-right-medium:3.84%;--awb-spacing-left-medium:3.84%;--awb-width-small:100%;--awb-order-small:0;--awb-spacing-right-small:1.92%;--awb-spacing-left-small:1.92%;\"><div class=\"fusion-column-wrapper fusion-column-has-shadow fusion-flex-justify-content-flex-start fusion-content-layout-column\"><div class=\"fusion-video fusion-selfhosted-video\" style=\"max-width:100%;\"><div class=\"video-wrapper\"><video playsinline=\"true\" width=\"100%\" style=\"object-fit: cover;\" preload=\"auto\" controls=\"1\"><source src=\"https:\/\/www.btpsavoie.fr\/wp-content\/uploads\/2023\/05\/Batis-tes-reves-_-une-operation-qui-permet-aux-collegiens-de-decouvrir-les-metiers-du-BTP.mp4\" type=\"video\/mp4\">Sorry, your browser doesn&#039;t support embedded videos.<\/video><\/div><\/div><div class=\"fusion-text fusion-text-2\"><h3 class=\"fusion-responsive-typography-calculated\" style=\"--fontsize: 37.9; line-height: 1.2;\" data-fontsize=\"37.9\" data-lineheight=\"45.48px\">D\u00e9couverte des m\u00e9tiers du b\u00e2timent : op\u00e9ration \u00ab\u00a0B\u00e2tis tes r\u00eaves\u00a0\u00bb<\/h3>\n<p>Depuis 2018, le Syndicat BTP Savoie organise deux fois par an l&rsquo;op\u00e9ration \u00ab\u00a0B\u00e2tis tes r\u00eaves\u00a0\u00bb sur tout le d\u00e9partement de la Savoie. L&rsquo;objectif est de pr\u00e9senter les donner envie aux coll\u00e9giens savoyards d&rsquo;en savoir plus sur les m\u00e9tiers du BTP et de s&rsquo;orienter vers cette fili\u00e8re d&rsquo;avenir.<\/p>\n<\/div><\/div><\/div><div class=\"fusion-layout-column fusion_builder_column fusion-builder-column-2 fusion_builder_column_1_2 1_2 fusion-flex-column\" style=\"--awb-bg-size:cover;--awb-width-large:50%;--awb-margin-top-large:0px;--awb-spacing-right-large:3.84%;--awb-margin-bottom-large:20px;--awb-spacing-left-large:3.84%;--awb-width-medium:50%;--awb-order-medium:0;--awb-spacing-right-medium:3.84%;--awb-spacing-left-medium:3.84%;--awb-width-small:100%;--awb-order-small:0;--awb-spacing-right-small:1.92%;--awb-spacing-left-small:1.92%;\"><div class=\"fusion-column-wrapper fusion-column-has-shadow fusion-flex-justify-content-flex-start fusion-content-layout-column\"><div class=\"fusion-video fusion-selfhosted-video\" style=\"max-width:100%;\"><div class=\"video-wrapper\"><video playsinline=\"true\" width=\"100%\" style=\"object-fit: cover;\" preload=\"auto\" controls=\"1\"><source src=\"https:\/\/www.btpsavoie.fr\/wp-content\/uploads\/2023\/05\/Bassens-Reunion-de-section-du-deuxieme-semestre-2022-du-BTP-Savoie.mp4\" type=\"video\/mp4\">Sorry, your browser doesn&#039;t support embedded videos.<\/video><\/div><\/div><div class=\"fusion-text fusion-text-3\"><h3 class=\"fusion-responsive-typography-calculated\" style=\"--fontsize: 37.9; line-height: 1.2;\" data-fontsize=\"37.9\" data-lineheight=\"45.48px\">Soir\u00e9e du syndicat du b\u00e2timent : R\u00e9union de section du 4\u00e8me trimestre<\/h3>\n<p>Dans son fonctionnement, le Syndicat r\u00e9unit l&rsquo;ensemble de ses adh\u00e9rents lors de r\u00e9union de section m\u00e9tiers. Cet \u00e9v\u00e9nement permet aux adh\u00e9rents de se retrouver entre professionnels et des les informer sur les actualit\u00e9s et la dynamique du Syndicat.<\/p>\n<\/div><\/div><\/div><div class=\"fusion-layout-column fusion_builder_column fusion-builder-column-3 fusion_builder_column_1_2 1_2 fusion-flex-column\" style=\"--awb-bg-size:cover;--awb-width-large:50%;--awb-margin-top-large:0px;--awb-spacing-right-large:3.84%;--awb-margin-bottom-large:20px;--awb-spacing-left-large:3.84%;--awb-width-medium:50%;--awb-order-medium:0;--awb-spacing-right-medium:3.84%;--awb-spacing-left-medium:3.84%;--awb-width-small:100%;--awb-order-small:0;--awb-spacing-right-small:1.92%;--awb-spacing-left-small:1.92%;\"><div class=\"fusion-column-wrapper fusion-column-has-shadow fusion-flex-justify-content-flex-start fusion-content-layout-column\"><div class=\"fusion-video fusion-selfhosted-video\" style=\"max-width:100%;\"><div class=\"video-wrapper\"><video playsinline=\"true\" width=\"100%\" style=\"object-fit: cover;\" preload=\"auto\" controls=\"1\"><source src=\"https:\/\/www.btpsavoie.fr\/wp-content\/uploads\/2023\/05\/SN-22-BTP-SAVOIE-Club-femme.mp4\" type=\"video\/mp4\">Sorry, your browser doesn&#039;t support embedded videos.<\/video><\/div><\/div><div class=\"fusion-text fusion-text-4\"><h3 class=\"fusion-responsive-typography-calculated\" style=\"--fontsize: 37.9; line-height: 1.2;\" data-fontsize=\"37.9\" data-lineheight=\"45.48px\">Syndicat BTP Savoie : Lancement du club femmes<\/h3>\n<p>La place des femmes dans le BTP devient de plus en plus pr\u00e9gnante. Pour ce faire, le Syndicat BTP Savoie a lanc\u00e9 le d\u00e9but du club femmes \u00ab\u00a0Les Amazones du BTP\u00a0\u00bb qui regroupe l&rsquo;ensemble des adh\u00e9rentes femmes autour d&rsquo;une th\u00e9matique. La premi\u00e8re \u00e9dition du club femme \u00e9tait tourn\u00e9e autour de la concilation entre vie priv\u00e9e et vie professionnelle, suivi d&rsquo;un moment de convivialit\u00e9.<\/p>\n<\/div><\/div><\/div><div class=\"fusion-layout-column fusion_builder_column fusion-builder-column-4 fusion_builder_column_1_2 1_2 fusion-flex-column\" style=\"--awb-bg-size:cover;--awb-width-large:50%;--awb-margin-top-large:0px;--awb-spacing-right-large:3.84%;--awb-margin-bottom-large:20px;--awb-spacing-left-large:3.84%;--awb-width-medium:50%;--awb-order-medium:0;--awb-spacing-right-medium:3.84%;--awb-spacing-left-medium:3.84%;--awb-width-small:100%;--awb-order-small:0;--awb-spacing-right-small:1.92%;--awb-spacing-left-small:1.92%;\"><div class=\"fusion-column-wrapper fusion-column-has-shadow fusion-flex-justify-content-flex-start fusion-content-layout-column\"><div class=\"fusion-video fusion-selfhosted-video\" style=\"max-width:100%;\"><div class=\"video-wrapper\"><video playsinline=\"true\" width=\"100%\" style=\"object-fit: cover;\" preload=\"auto\" controls=\"1\"><source src=\"https:\/\/www.btpsavoie.fr\/wp-content\/uploads\/2023\/05\/Bassens-Premiere-edition-du-cafe-BTP.mp4\" type=\"video\/mp4\">Sorry, your browser doesn&#039;t support embedded videos.<\/video><\/div><\/div><div class=\"fusion-text fusion-text-5\"><h3 class=\"fusion-responsive-typography-calculated\" style=\"--fontsize: 37.9; line-height: 1.2;\" data-fontsize=\"37.9\" data-lineheight=\"45.48px\">1\u00e8re \u00e9dition du caf\u00e9 BTP<\/h3>\n<p>Dans sa nouvelle dynamique, le Syndicat BTP Savoie met en place depuis novembre 2022 un \u00e9v\u00e8nement mensuel \u00ab\u00a0Caf\u00e9 BTP\u00a0\u00bb, un rendez-vous incontournable tous les derniers vendredis du mois qui rassemble tous les acteurs au sens large du BTP (entreprises, \u00e9lus locaux, donneurs d&rsquo;ordres, chambres consulaires, fournisseurs&#8230;) autour d&rsquo;une th\u00e9matique commune.<\/p>\n<\/div><\/div><\/div><div class=\"fusion-layout-column fusion_builder_column fusion-builder-column-5 fusion_builder_column_1_2 1_2 fusion-flex-column\" style=\"--awb-bg-size:cover;--awb-width-large:50%;--awb-margin-top-large:0px;--awb-spacing-right-large:3.84%;--awb-margin-bottom-large:20px;--awb-spacing-left-large:3.84%;--awb-width-medium:50%;--awb-order-medium:0;--awb-spacing-right-medium:3.84%;--awb-spacing-left-medium:3.84%;--awb-width-small:100%;--awb-order-small:0;--awb-spacing-right-small:1.92%;--awb-spacing-left-small:1.92%;\"><div class=\"fusion-column-wrapper fusion-column-has-shadow fusion-flex-justify-content-flex-start fusion-content-layout-column\"><div class=\"fusion-video fusion-selfhosted-video\" style=\"max-width:100%;\"><div class=\"video-wrapper\"><video playsinline=\"true\" width=\"100%\" style=\"object-fit: cover;\" preload=\"auto\" controls=\"1\"><source src=\"https:\/\/www.btpsavoie.fr\/wp-content\/uploads\/2023\/05\/BATIMENT-\u2013-Rencontre-avec-le-nouveau-president-du-syndicat-BTP-Savoie.mp4\" type=\"video\/mp4\">Sorry, your browser doesn&#039;t support embedded videos.<\/video><\/div><\/div><div class=\"fusion-text fusion-text-6\"><h3 class=\"fusion-responsive-typography-calculated\" style=\"--fontsize: 37.9; line-height: 1.2;\" data-fontsize=\"37.9\" data-lineheight=\"45.48px\">BTP Savoie au Salon Alpin<\/h3>\n<p>Le Syndicat BTP Savoie \u00e9tait pr\u00e9sent au Salon Alpin \u00e0 Albertville, le Pr\u00e9sident Jean-Fran\u00e7ois Dastrevigne a eu l&rsquo;occasion de se prononcer sur les tendances de la saison d&rsquo;hiver 2022-2023.<\/p>\n<\/div><\/div><\/div><div class=\"fusion-layout-column fusion_builder_column fusion-builder-column-6 fusion_builder_column_1_2 1_2 fusion-flex-column\" style=\"--awb-bg-size:cover;--awb-width-large:50%;--awb-margin-top-large:0px;--awb-spacing-right-large:3.84%;--awb-margin-bottom-large:20px;--awb-spacing-left-large:3.84%;--awb-width-medium:50%;--awb-order-medium:0;--awb-spacing-right-medium:3.84%;--awb-spacing-left-medium:3.84%;--awb-width-small:100%;--awb-order-small:0;--awb-spacing-right-small:1.92%;--awb-spacing-left-small:1.92%;\"><div class=\"fusion-column-wrapper fusion-column-has-shadow fusion-flex-justify-content-flex-start fusion-content-layout-column\"><div class=\"fusion-video fusion-selfhosted-video\" style=\"max-width:100%;\"><div class=\"video-wrapper\"><video playsinline=\"true\" width=\"100%\" style=\"object-fit: cover;\" preload=\"auto\" controls=\"1\"><source src=\"https:\/\/www.btpsavoie.fr\/wp-content\/uploads\/2023\/05\/Bassens-_-Lancement-de-la-journee-du-droit-initie-par-le-Syndicat-BTP-Savoie.mp4\" type=\"video\/mp4\">Sorry, your browser doesn&#039;t support embedded videos.<\/video><\/div><\/div><div class=\"fusion-text fusion-text-7\"><h3 class=\"fusion-responsive-typography-calculated\" style=\"--fontsize: 37.9; line-height: 1.2;\" data-fontsize=\"37.9\" data-lineheight=\"45.48px\">Lancement de la journ\u00e9e du droit initi\u00e9e par BTP Savoie<\/h3>\n<p>Pour offrir encore plus de services \u00e0 ses adh\u00e9rents, le Syndicat BTP Savoie a mis en place la journ\u00e9e du droit. Cet \u00e9v\u00e9nement, qui sera renouvel\u00e9 r\u00e9guli\u00e8rement dans l&rsquo;ann\u00e9e, consiste \u00e0 la mise \u00e0 disposition de conseils juridiques multiples par la pr\u00e9sence de plusieurs professionnels du droit (Avocat sp\u00e9cialis\u00e9, Commissaire de justice, Notaire&#8230;) et de notre service juridique en support.<\/p>\n<\/div><\/div><\/div><div class=\"fusion-layout-column fusion_builder_column fusion-builder-column-7 fusion_builder_column_1_2 1_2 fusion-flex-column\" style=\"--awb-bg-size:cover;--awb-width-large:50%;--awb-margin-top-large:0px;--awb-spacing-right-large:3.84%;--awb-margin-bottom-large:20px;--awb-spacing-left-large:3.84%;--awb-width-medium:50%;--awb-order-medium:0;--awb-spacing-right-medium:3.84%;--awb-spacing-left-medium:3.84%;--awb-width-small:100%;--awb-order-small:0;--awb-spacing-right-small:1.92%;--awb-spacing-left-small:1.92%;\"><div class=\"fusion-column-wrapper fusion-column-has-shadow fusion-flex-justify-content-flex-start fusion-content-layout-column\"><\/div><\/div><\/div><\/div>\n","protected":false},"excerpt":{"rendered":"","protected":false},"author":214,"featured_media":0,"parent":0,"menu_order":0,"comment_status":"closed","ping_status":"closed","template":"100-width.php","meta":{"_acf_changed":false,"pmpro_default_level":"","footnotes":""},"class_list":["post-1950","page","type-page","status-publish","hentry","pmpro-has-access"],"acf":[],"_links":{"self":[{"href":"https:\/\/www.btpsavoie.fr\/index.php\/wp-json\/wp\/v2\/pages\/1950","targetHints":{"allow":["GET"]}}],"collection":[{"href":"https:\/\/www.btpsavoie.fr\/index.php\/wp-json\/wp\/v2\/pages"}],"about":[{"href":"https:\/\/www.btpsavoie.fr\/index.php\/wp-json\/wp\/v2\/types\/page"}],"author":[{"embeddable":true,"href":"https:\/\/www.btpsavoie.fr\/index.php\/wp-json\/wp\/v2\/users\/214"}],"replies":[{"embeddable":true,"href":"https:\/\/www.btpsavoie.fr\/index.php\/wp-json\/wp\/v2\/comments?post=1950"}],"version-history":[{"count":10,"href":"https:\/\/www.btpsavoie.fr\/index.php\/wp-json\/wp\/v2\/pages\/1950\/revisions"}],"predecessor-version":[{"id":2036,"href":"https:\/\/www.btpsavoie.fr\/index.php\/wp-json\/wp\/v2\/pages\/1950\/revisions\/2036"}],"wp:attachment":[{"href":"https:\/\/www.btpsavoie.fr\/index.php\/wp-json\/wp\/v2\/media?parent=1950"}],"curies":[{"name":"wp","href":"https:\/\/api.w.org\/{rel}","templated":true}]}}